{"id":414,"date":"2020-05-27T16:41:54","date_gmt":"2020-05-27T14:41:54","guid":{"rendered":"http:\/\/xn--rotrosagrn-ieb.de\/?page_id=414"},"modified":"2025-08-30T21:39:24","modified_gmt":"2025-08-30T19:39:24","slug":"die-fellbaecherin","status":"publish","type":"page","link":"https:\/\/xn--rotrosagrn-ieb.de\/?page_id=414","title":{"rendered":"die Fellb\u00e4cherin"},"content":{"rendered":"\n<p>Die Sendung \u201edie Fellb\u00e4cherin\u201c im Freien Radio f\u00fcr Stuttgart greift mit dieser Seite ineinander. Einmal im Monat am dritten Sonntag wurden von 20 bis 23 Uhr G\u00e4ste aus linker Politik, Kultur und Religion pr\u00e4sentiert, die sich in Fellbach engagieren und dort wohnen. <\/p>\n\n\n\n<p>Bei der ersten Ausgabe war Dieter Keller, DGB-Vorsitzender von Fellbach, beim zweiten Mal der ehemalige Linkspolitiker Christian Hinrichsen (von 2014 bis 2019 Stadt- und Kreisrat, seitdem parteilos) zu Gast. Weitere Besucher waren die beiden Stadtr\u00e4te der Gr\u00fcnen Doktor Michael Vonau (Alt-Stadtrat und mittlerweile parteilos) und Karl W\u00fcrz. Dann der Jazz- und Weltmusiker und Dozent Hans Fickelscher (dr, perc) und der Weltladen-Vorsitzende Winfried Bauer und zuletzt das SPD-Urgestein Harald Ra\u00df (43 Jahre Gemeinderat und Regionalrat Stuttgart). Dann kamen noch der Elektrobassist Thomas Rotter und Jakowus Simeionidis und Ingrid Stanimirov, beide von DEN LINKEN. Danach Sichiu Mireine Kameni (Schauspielerin und Predigerin aus Kamerun), Stadtr\u00e4tin Beate W\u00f6rner von den Gr\u00fcnen, Constanze Bolliger (Popmusic School) mit Gabriele Grill (Bewegungsschule Grill), Brigitte Bertram (Wirtschaftsjournalistin), Joseph Michl (ARGE Nordost), Dagmar Uhlig (fr\u00fcher Kreissprecherin DIE LINKE Stuttgart), Reinhold Uetz (BUND, SPD, Imker), Claudia Moosmann (DIE LINKE, Stadtr\u00e4tin Leinfelden), Greta Schuler (Patientenberaterin VdK) und Stadt- und Kreisr\u00e4tin Nadine Gothe (B\u00fcndnis 90\/Die Gr\u00fcnen), Professor Martin Schrack (Pianist und Kurator Jazzfabrik), Doktorin Renate Herrmann (Kunsthandwerkerin Takinu und Kunstverein), Stadtr\u00e4tin Ruth Lemaire (SPD, Schulleiterin), Stadtrat Andreas M\u00f6hlmann (Architekt und Fraktionsvorsitzender SPD), Doris Braune (Heilpraktikerin, Aktivistin und Verlegerin), Poldy Tagle (Pianistin und P\u00e4dagogin), Luigi Pantisano (Bundestagskandidat f\u00fcr Waiblingen und DIE LINKE, Stadtrat in Stuttgart, Stadtplaner), Stephan Dieck (Diakon und Betriebswirt, Weltladen und Weltwochen), Professor Doktor Tirmiziou Diallo (Soziologe und Ethnologe), Gee Hye Lee (Pianistin und P\u00e4dagogin), Steffen Ellinger (Stadt- und Kreisrat B\u00fcndnis 90\/Die Gr\u00fcnen), Anita Dietrich (bildende K\u00fcnstlerin vom KunstWerk), Markus Eckert (evangelischer Theologe, Johanneskirche Oeffingen), Julius Walter (SPD-Vorsitzender Fellbach), Kurt Schmauder (Diakon beim CVJM Fellbach), Christa Linsenmaier-Wolf (Kulturgemeinschaft Fellbach), Jolanda Ha\u00dfler und Marco Beckendorf (neue Ortsvereinsvorsitzende der Fellbacher SPD), Woody und Flo (WuF), Sadik Zogay (albanischer Kulturverein), Cathy Nzimbu Mpanu-Mpanu Platho (Ndwenga), Marina Cillessen (zamma Diakonie Stetten), Kosovo-Pakt, Sebastian B\u00fcrkle (SPD-Stadtrat, Polizist), Kai Bliesener (Krimi-Autor), Fabian Zahlecker (CDU, Landtagsreferent), Stadtrat Martin Oettinger (FW\/FD, Hotel Hirsch), Stadtr\u00e4tin Simone Lebherz (Stadtmacherin und Klimamanagerin), Claus Staudt (Bildhauer vom KunstWerk). Sendungsmitschnitte auf Nachfrage \u00fcber amokfisch@web.de (das gilt auch f\u00fcr Bewerbungen als Studiogast). Im August 2024 wird \u201eDie Fellb\u00e4cherin\u201c eingestellt.<\/p>\n\n\n\n<p><\/p>\n\n\n<h4>Dieter Keller<\/h4>\n<p>ist seit 1983 wohnhaft in Fellbach und dort Vorsitzender des Deutschen Gewerkschaftsbundes. Er hat es sich nicht nehmen lassen zur allerersten Sendung &#8222;die Fellb\u00e4cherin&#8220; in das Freie Radio nach Stuttgart zu kommen am 15. Juli 2018. Dieter ist Kommunist und er war Landesvorsitzender der Deutschen Kommunistischen Partei in Baden-W\u00fcrttemberg. Angefangen hatte alles beim Mannheimer Motoren Werk, wo Dieter im Betriebsrat sa\u00df. Er hatte auch beim SV Waldhof gegen den Fu\u00dfball getreten.<\/p>\n<p>In Fellbach selbst hat sich Dieter zuerst f\u00fcr den Frieden eingesetzt, ausgehend vom zweiten Golfkrieg 1990. Damals hatte Saddam Hussein Kuwait besetzt. Die Folgen sind bekannt. Es geht immer nur um das \u00d6l, das haupts\u00e4chlich die Europ\u00e4er geklaut haben. Damals pflanzte die Gewerkschaft einen Friedensbaum am Jugendhaus. Da die Jungen keinen Zugang fanden, verpflanzte mensch das B\u00e4umchen unter Duldung des Oberb\u00fcrgermeister Christoph Palm mehr in Richtung Rathaus. Immer am Antikriegstag, dem 1. September gibt es dort ein Referat und anschlie\u00dfend ein Kulturprogramm.<\/p>\n<p>Desweiteren tobte ein Jahr lang in der Fellbacher Zeitung ein Leserkrieg. Es ging um die Umbenennung zweier Stra\u00dfen: Hindenburg und Ernst Heinkel waren Schwerverbrecher in der Nazi-Zeit. Der Vorschlag von Dieter, doch diese Stra\u00dfen f\u00fcr Antifaschistinnen umzubenennen, wurde von der konservativen Mehrheit im Gemeinderat niedergestimmt.<\/p>\n<p>Zus\u00e4tzlich setzt sich die Gewerkschaft gegen den Nordostring ein. Hier soll eine Autobahn \u00fcber das Schmidener Feld gezogen werden, worunter Anwohnerinnen und Landwirtinnen zu leiden haben. Wo Stra\u00dfen gebaut werden, wird Verkehr geerntet. Statt dessen sollten Bus und Bahn verbilligt werden.<\/p>\n<p>Dieter brachte die Musik mit, Liedermacher allerbester Qualit\u00e4t: Bernd K\u00f6hler (Schlauch) ist ein alter Kumpel aus der Mannheimer Zeit, und das Trio Reinhard Mey, Hannes Wader und Konstantin Wecker. Diese drei Giganten sind gemeinsam aufgetreten.<\/p>\n<h4>Christian Hinrichsen<\/h4>\n<p>ist ein Ph\u00e4nomen. Er ist der einzige Gemeinderat im ganzen Rems-Murr-Kreis (in Fellbach) und sitzt mit dem Gro\u00dfheppacher Stephan Kober im Kreistag. Christian war der zweite Gast bei der Fellb\u00e4cherin im Freien Radio am 19. August 2018. Aus dem Stand bei der Kommunalwahl r\u00fcckte das Gr\u00fcndungsmitglied der Linken 2014 sowohl in den Gemeinderat und Kreistag ein. Das war nat\u00fcrlich dem z\u00e4hen Ackern und Kontakte kn\u00fcpfen im Vorfeld geschuldet.<\/p>\n<p>Christian ist jeden Tag 20 Stunden f\u00fcr die gute Sache unterwegs. Er f\u00e4hrt von A nach B, teilweise zu 8 Terminen pro Tag, um den Leuten zu helfen. Dar\u00fcber hinaus verreist er an seinem Urlaub nicht, sondern hospitiert tageweise in sozialen Einrichtungen. Aktuell zum Beispiel war er in der Erlacher H\u00f6he, einer Einrichtung zur Se\u00dfhaftmachung von Wohnsitzlosen.<\/p>\n<p>Urspr\u00fcnglich ist er Weink\u00fcfer bei der Remstalkellerei in Beutelsbach und dort \u00fcber 20 Jahre im Betriebsrat. Au\u00dferdem ist er noch Sch\u00f6ffe am Arbeits- und Verwaltungsgericht. Er setzt sich f\u00fcr die Einwanderinnen ein, so ist seine Frau Thail\u00e4nderin. Au\u00dferdem sind ihm die Jungen ganz wichtig, er kommt immer zu den Sitzungen des Jugendgemeinderats. Die Fl\u00fcchtlinge liegen ihm am Herzen. So ist es selbstverst\u00e4ndlich, da\u00df er sich beim Migrationsbeirat einbringt, da er als Einzelk\u00e4mpfer nicht in die Aussch\u00fcsse darf.<\/p>\n<p>Ach ja: die n\u00e4chste Kommunalwahl steht im Mai 2019 bevor. Vielleicht kann die Linkspartei den Sitz in Fellbach verdoppeln oder sogar verdreifachen. Im letzten Fall w\u00e4re Fraktionsstatus erreicht.<\/p>\n<p>Der Traum ist zu Ende, Christian ist vor der Wahl aus der Partei ausgetreten und hat eine eigene Liste gegr\u00fcndet. Er wurde knapp nicht gew\u00e4hlt, der Genosse amokfisch hatte mehr Stimmen in Fellbach und ist jetzt wiederum der einzige LINKEN-Gemeinderat im Landkreis.<\/p>\n<h4>Joseph Michl<\/h4>\n<p>kam im November 2019 zur Fellb\u00e4cherin. Er hat sein halbes Leben in den Kampf gegen den sogenannten Nord-Ost-Ring gestellt. Der diplomierte Landwirt ist Vorsitzender von der ARGE Nord-Ost, einem Verein, der die geplante Autobahn von Waiblingen \u00fcber Fellbach und Neckarrems, Kornwestheim verhindern will. Zu seinen Lebzeiten hat der Bundestagsabgeordnete Herrmann Scheer (SPD) das Projekt zu verhindern gewu\u00dft, bis er dann zu fr\u00fch verstorben ist. Im Grunde h\u00f6rt sich das Ganze logisch an: eine vierspurige Nordostumfahrung als Ringschlu\u00df um Stuttgart.<\/p>\n<p>Aber das Ding ist nix: die \u00c4ckerb\u00f6den sind ausgezeichnet und genauso wie die Pflanzen und Tierwelt gef\u00e4hrdet. Der Ring w\u00fcrde viel zu viel Verkehr zus\u00e4tzlich anziehen und die Klimakatastrophe versch\u00e4rfen.<\/p>\n<p>Joseph Michl stammt aus Freiburg, wo er Abitur gemacht hat und sich bei dem Widerstand gegen das Atomkraftwerk Whyl politisiert. Er unternahm eine Fahrradtour nach Griechenland und wollte im Studium per Anhalter durch die Sahara nach Ghana, was nicht ganz geklappt hat: er blieb an der marokkanisch-algerischen Grenze h\u00e4ngen.<\/p>\n<p>Er war lange Jahre Bezirksbeirat in Zuffenhausen f\u00fcr die Gr\u00fcnen, bei denen er von Anfang an dabei war. Nach Einholung von Expertenmeinungen lehnt er auch den Nord-Ost-Tunnel ab. Die ARGE Nord-Ost ist ein Sammelsurium von Organisationen und 150 Einzelpersonen und trifft sich mindestens monatlich in M\u00fchlhausen.<\/p>\n<p>Es gibt mindestens zwei Antworten auf diese Verkehrsfrage: erstens die Schuster-Bahn von Untert\u00fcrkheim bis Kornwestheim, die nicht f\u00e4hrt und zweitens die Stadtbahn von Waiblingen nach Ludwisgburg, die in den Planungen nicht vorw\u00e4rts kommt. Beide Pojekte werden von den Autobahnern behindert.<\/p>\n<p>Die beiden CDU-Bundestagsabgeordneten Pfeiffer und Barthle wollen diesen Ringschlu\u00df, die Gr\u00fcnen nicht (Ministerpr\u00e4sident, Stuttgarter Oberb\u00fcrgermeister Kuhn, Regierungspr\u00e4sident und Landesverkehrsminister).<\/p>\n<h4>Beate W\u00f6rner<\/h4>\n<p>Im August 2019 war die Journalistin als frisch gebackene Jung-Stadtr\u00e4tin f\u00fcr B\u00fcndnis 90\/Die Gr\u00fcnen in der Sendung. Die aus dem altpietistischen Heidenheim stammende Mutter zweier Kinder hat die Flucht aus der l\u00e4ndlichen Enge von der Alb in die Universit\u00e4t Hohenheim angetreten, wo sie zuerst Agrarwissenschaften studierte und danach Kommunikationswissenschaften draufsattelte. Sie war lange Jahre f\u00fcr den S\u00fcdwestfunk in Karlsruhe (und den S\u00fcddeutschen Rundfunk) t\u00e4tig. Studien f\u00fchrten sie in den Niger, nach Malawi, den Jemen und Indien. Bei diesen Reisen wurde ihr der Irrsinn zwischen reich und arm klar. Da\u00df die westeurop\u00e4ische Entwicklungshilfe in den letzten 50 Jahren gescheitert ist, weist sie nicht gleich von der Hand, wirft jedoch ein, da\u00df sie keine Wissenschaftlerin auf diesem Gebiet ist. Und die Chinesen machen das mit klarer Kante.<\/p>\n<p>Derzeit hat sie eine halbe Stelle bei der Stiftung Entwicklungszusammenarbeit (SEZ), einer Einrichtung der baden-w\u00fcrttembergischen Landesregierung. Die SEZ f\u00fchrt auch immer alle zwei Jahre den Landeswettbewerb Meine.Deine.Eine Welt durch, bei der die Stadt Fellbach immer den ersten Preis bei den St\u00e4dten bis 50.000 Einwohnerinnen bekam. Hierf\u00fcr veranstaltete die Stadt die Fellbacher Weltwochen mit zuletzt 57 Veranstaltungen. Hier hatte Birgit Held vom Rathaus den Hut auf.<\/p>\n<p>Ansonsten ist Beate als freie Journalistin f\u00fcr Beratung, Recherche und Text unterwegs mit einem B\u00fcro in Fellbach.<\/p>\n<h4>Dagmar Uhlig<\/h4>\n<p>Endlich einmal eine echte Fellb\u00e4cherin. Nach vielen M\u00e4nnern, die zu Gast waren bei &#8222;der Fellb\u00e4cherin&#8220; nun eine Frau, die in Fellbach geboren und aufgewachsen ist. Dagmar wohnt mittlerweile in Stuttgart und ist dort als Kreissprecherin von DER LINKEN. Stuttgart die wichtigste Frau in der Stadt in der Partei. Sie arbeitet im B\u00fcro des Bundesvorsitzenden und Bundestagsabgeordneten Bernd Riexinger. Zusammen mit der Landesgesch\u00e4ftsstelle sind sie zur Miete bei der Stra\u00dfenzeitung trottwar in der Falkertstra\u00dfe.<\/p>\n<p>Dagmar hat ihre Ausbildung zur B\u00fcrokkaufrau in Fellbach absolviert. Als Jugendvertreterin hat sie dort zum ersten Mal Politik gemacht. Als das alte Jugendhaus f\u00fcr das neue Rathaus weichen mu\u00dfte, hat sie beim Widerstand mitgemischt. Ihr Sohn ist erwachsen und wohnt in ihrer N\u00e4he. Er ist G\u00e4rtner.<\/p>\n<p>In der Sendung kristallisierte sich ein tiefe Beziehung zur Musik heraus. Dagmar war oft auf Konzerten von Eric Burdon, Mike Silver und Prince. Von allen Dreien hatte sie viel zu berichten.<\/p>\n<p>Politisch streifte sie die wichtigsten Themen: Miete, Pflege. Die Sendung bleibt aktuell, sie hatte im Dezember 2019 noch vor Corona stattgefunden.<\/p>\n\n\n<h4 class=\"wp-block-heading\">Verschmelzung FemFM und die Fellb\u00e4cherin<\/h4>\n\n\n\n<p>Die erste offizielle Radiosendung nach der Fusion am Ostersonntag, 17. April 2022 mit der Heilpraktikerin Doris Braune (Aktivistin, Verlegerin, Autorin aus Neugereut) vom Feministischen Frauengesundheitszentrum in Stuttgart FF*GZ f\u00fcr &#8222;FemFM&#8220; und Stadtrat Armin Fischer (Genosse amokfisch aus Schmiden) von der SPD und &#8222;der Fellb\u00e4cherin&#8220;.<\/p>\n\n\n\n<p>Thema ist der Dannenr\u00f6der Forst in Hessen, der einer Autobahn weichen mu\u00df.<\/p>\n\n\n\n<p>1. Reinhard &#8211; im Widerstand seit mehr als 40 Jahren<\/p>\n\n\n\n<figure class=\"wp-block-embed is-type-rich is-provider-mixcloud wp-block-embed-mixcloud wp-embed-aspect-21-9 wp-has-aspect-ratio\"><div class=\"wp-block-embed__wrapper\">\n<iframe loading=\"lazy\" title=\"Femfm April 2022 - Dannenr\u00f6der Forst: Reinhard - Im Widerstand Seit Mehr Als 40 Jahren (1\/3)\" width=\"100%\" height=\"120\" src=\"https:\/\/www.mixcloud.com\/widget\/iframe\/?feed=https%3A%2F%2Fwww.mixcloud.com%2FFemFM_Stuttgart%2Ffemfm-april-2022-dannenr%25C3%25B6der-forst-reinhard-im-widerstand-seit-mehr-als-40-jahren-13%2F&amp;hide_cover=1\" frameborder=\"0\" allow=\"encrypted-media; fullscreen; autoplay; idle-detection; speaker-selection; web-share;\"><\/iframe>\n<\/div><\/figure>\n\n\n\n<p>2. Free Ella<\/p>\n\n\n\n<figure class=\"wp-block-embed is-type-rich is-provider-mixcloud wp-block-embed-mixcloud wp-embed-aspect-21-9 wp-has-aspect-ratio\"><div class=\"wp-block-embed__wrapper\">\n<iframe loading=\"lazy\" title=\"Femfm April 2022 - Dannenr\u00f6der Forst: Free Ella (2\/3)\" width=\"100%\" height=\"120\" src=\"https:\/\/www.mixcloud.com\/widget\/iframe\/?feed=https%3A%2F%2Fwww.mixcloud.com%2FFemFM_Stuttgart%2Ffemfm-april-2022-dannenr%25C3%25B6der-forst-free-ella-23%2F&amp;hide_cover=1\" frameborder=\"0\" allow=\"encrypted-media; fullscreen; autoplay; idle-detection; speaker-selection; web-share;\"><\/iframe>\n<\/div><\/figure>\n\n\n\n<p>3.&nbsp;Das Projekt des G\u00e4st*innenhauses im Dannenberger Forst<\/p>\n\n\n\n<figure class=\"wp-block-embed is-type-rich is-provider-mixcloud wp-block-embed-mixcloud wp-embed-aspect-21-9 wp-has-aspect-ratio\"><div class=\"wp-block-embed__wrapper\">\n<iframe loading=\"lazy\" title=\"Femfm April 2022 - Dannenr\u00f6der Forst: Das Projekt Des G\u00e4st*Innenhauses Im Dannenberger Forst (3\/3)\" width=\"100%\" height=\"120\" src=\"https:\/\/www.mixcloud.com\/widget\/iframe\/?feed=https%3A%2F%2Fwww.mixcloud.com%2FFemFM_Stuttgart%2Ffemfm-april-2022-dannenr%25C3%25B6der-forst-das-projekt-des-g%25C3%25A4stinnenhauses-im-dannenberger-forst-33%2F&amp;hide_cover=1\" frameborder=\"0\" allow=\"encrypted-media; fullscreen; autoplay; idle-detection; speaker-selection; web-share;\"><\/iframe>\n<\/div><\/figure>\n\n\n\n<figure class=\"wp-block-embed is-type-rich is-provider-mixcloud wp-block-embed-mixcloud wp-embed-aspect-21-9 wp-has-aspect-ratio\"><div class=\"wp-block-embed__wrapper\">\n<iframe loading=\"lazy\" title=\"Femfm Juli 2022 - Die Medizin Der Maya Und Der Neokoloniale Raub An Heilwissen\" width=\"100%\" height=\"120\" src=\"https:\/\/www.mixcloud.com\/widget\/iframe\/?feed=https%3A%2F%2Fwww.mixcloud.com%2FFemFM_Stuttgart%2Ffemfm-juli-2022-die-medizin-der-maya-und-der-neokoloniale-raub-an-heilwissen%2F&amp;hide_cover=1\" frameborder=\"0\" allow=\"encrypted-media; fullscreen; autoplay; idle-detection; speaker-selection; web-share;\"><\/iframe>\n<\/div><figcaption class=\"wp-element-caption\">1. Die Medizin der Maya<\/figcaption><\/figure>\n\n\n\n<figure class=\"wp-block-embed is-type-rich is-provider-mixcloud wp-block-embed-mixcloud wp-embed-aspect-21-9 wp-has-aspect-ratio\"><div class=\"wp-block-embed__wrapper\">\n<iframe loading=\"lazy\" title=\"Femfm Juli 2022 - Gibt Es Gefl\u00fcchtete Aus Der Ukraine 2. Klasse?\" width=\"100%\" height=\"120\" src=\"https:\/\/www.mixcloud.com\/widget\/iframe\/?feed=https%3A%2F%2Fwww.mixcloud.com%2FFemFM_Stuttgart%2Ffemfm-juli-2022-gibt-es-gefl%25C3%25BCchtete-aus-der-ukraine-2-klasse%2F&amp;hide_cover=1\" frameborder=\"0\" allow=\"encrypted-media; fullscreen; autoplay; idle-detection; speaker-selection; web-share;\"><\/iframe>\n<\/div><figcaption class=\"wp-element-caption\">2. Gibt es Fl\u00fcchtlinge zweiter Klasse?<\/figcaption><\/figure>\n\n\n\n<h4 class=\"wp-block-heading\">Radiopodiumsdiskussion<\/h4>\n\n\n\n<p>Am Pfingstsonntag, dem 19. Mai von 20 bis 23 Uhr ert\u00f6nte diesmal eine spezielle Fellb\u00e4cherin: anl\u00e4\u00dflich der Gemeinderatswahl am 9. Juni 2024 hat der Genosse amokfisch f\u00fcnf gestandene Kommunalpolitikerinnen zu einer Podiumsdiskussion versammelt, die im Freien Radio f\u00fcr Stuttgart \u00fcbertragen wurde. <a href=\"https:\/\/www.freies-radio.de\/sendungsdetails\/202405192000\">https:\/\/www.freies-radio.de\/sendungsdetails\/202405192000<\/a> Noch bis 26.5.24 in der neuen Mediathek und sonst in meiner Wolke. Dies war die einzigste Podiumsdiskussion in Fellbach vor der Gemeinderatswahl. Vor 5 Jahren waren es drei unterschiedliche Formate. <\/p>\n\n\n\n<p>Es kamen Stadtrat Martin Oettinger (Hotelier vom Hirsch in Schmiden) als stellvertretender Fraktionsvorsitzender der Freien W\u00e4hlerinnen\/Freien Demokratinnen; Fabian Zahlecker, Stadtverbandsvorsitzender der CDU und Landtagsreferent; Beate W\u00f6rner (Journalistin) Stadtr\u00e4tin f\u00fcr B\u00fcndnis 90\/Die Gr\u00fcnen, feierte mit uns ihren Geburtstag; Stadtrat Andreas M\u00f6hlmann (Architekt) Fraktionsvorsitzender der SPD und Stadtr\u00e4tin Simone Lebherz (Klimamanagerin bei der Stadt Backnang), Stadtmacherin. Hier kam viel kommunalpolitische Erfahrung f\u00fcr Fellbach zusammen. Und du findest uns alle immer samstags 8 bis 12 Uhr auf dem Wochenmarkt beim Rathaus\/Lutherkirche.<\/p>\n\n\n\n<p>Die CDU, die zum ersten Mal nicht die st\u00e4rkste Fraktion im Gemeinderat stellt, sieht sich als b\u00fcrgerliche Mitte, die weder rechts noch links ist. Wie auf jeder Liste gibt es auch hier parteilose Kandidierende. Sie sammeln flei\u00dfig Unterschriften gegen die Landeserstaufnahme und haben beim letzten Maik\u00e4ferfest eine Umfrage zur n\u00f6rdlichen Bahnhofstra\u00dfe durchgef\u00fchrt.<\/p>\n\n\n\n<p>Die SPD ist ebenfalls f\u00fcr die Unternehmen da. Sie macht sich Sorgen um die Pflegerinnen und Erzieherinnen. Und sie ist f\u00fcr den gesamten Verkehr zu haben, ob Auto, Bus, Fahrrad, Fu\u00df oder Stadtbahn. Nur mit der Forderung nach kostenlosen Kindertagesst\u00e4tten ist sie noch allein. Im Gegensatz zu Rheinland-Pfalz, wo das m\u00f6glich ist. Diese Partei unterst\u00fctzt die Wohnbauoffensive der Oberb\u00fcrgermeisterin.<\/p>\n\n\n\n<p>B\u00fcndnis 90\/ Die Gr\u00fcnen sind zust\u00e4ndig f\u00fcr die Tiere und Pflanzen. Sie fahren bevorzugt Fahrrad. Und der Klimaschutz ist zentral. Sie veranstalten Brennpunkt-Spazierg\u00e4nge in der Kappelbergstadt, die gut angenommen werden.<\/p>\n\n\n\n<p>Die freien W\u00e4hlerinnen\/freien Demokratinnen sind st\u00e4rkste Fraktion und k\u00fcmmern sich um das Gewerbe. Die Parkplatzdiskussionen im Gemeinderat wollen sie ablegen und sich \u00f6ffnen. Fakt ist, da\u00df durch eliminierte Parkpl\u00e4tze der Ertrag der Gesch\u00e4fte zunimmt, da auch die Aufenthaltsqualit\u00e4t steigt.<\/p>\n\n\n\n<p>Die Stadtmacherinnen bestehen zur Zeit aus Simone Lebherz und J\u00f6rg Schiller, beides \u00d6kologinnen, die schon lange Jahre f\u00fcr die CDU im Gemeinderat sa\u00dfen. Hier gab es einen Werbeblock f\u00fcr Balkonsolaranlagen als gef\u00f6rderte Minikraftwerke.<\/p>\n\n\n\n<p>Folgendes war kein Thema dieses Podiums: Wohnturm, Spa\u00dfbad, leerstehende Wohnungen, Kultur, Corona, Ukraine, Israel. Daf\u00fcr aber hatten sich die Teilnehmenden zu Europa ge\u00e4u\u00dfert.<\/p>\n","protected":false},"excerpt":{"rendered":"<p>Die Sendung \u201edie Fellb\u00e4cherin\u201c im Freien Radio f\u00fcr Stuttgart greift mit dieser Seite ineinander. Einmal im Monat am dritten Sonntag wurden von 20 bis 23 Uhr G\u00e4ste aus linker Politik, Kultur und Religion pr\u00e4sentiert, die sich in Fellbach engagieren und dort wohnen. Bei der ersten Ausgabe war Dieter Keller, DGB-Vorsitzender von Fellbach, beim zweiten Mal [&hellip;]<\/p>\n","protected":false},"author":2,"featured_media":0,"parent":0,"menu_order":0,"comment_status":"closed","ping_status":"closed","template":"","meta":{"footnotes":""},"class_list":["post-414","page","type-page","status-publish","hentry"],"_links":{"self":[{"href":"https:\/\/xn--rotrosagrn-ieb.de\/index.php?rest_route=\/wp\/v2\/pages\/414","targetHints":{"allow":["GET"]}}],"collection":[{"href":"https:\/\/xn--rotrosagrn-ieb.de\/index.php?rest_route=\/wp\/v2\/pages"}],"about":[{"href":"https:\/\/xn--rotrosagrn-ieb.de\/index.php?rest_route=\/wp\/v2\/types\/page"}],"author":[{"embeddable":true,"href":"https:\/\/xn--rotrosagrn-ieb.de\/index.php?rest_route=\/wp\/v2\/users\/2"}],"replies":[{"embeddable":true,"href":"https:\/\/xn--rotrosagrn-ieb.de\/index.php?rest_route=%2Fwp%2Fv2%2Fcomments&post=414"}],"version-history":[{"count":17,"href":"https:\/\/xn--rotrosagrn-ieb.de\/index.php?rest_route=\/wp\/v2\/pages\/414\/revisions"}],"predecessor-version":[{"id":1885,"href":"https:\/\/xn--rotrosagrn-ieb.de\/index.php?rest_route=\/wp\/v2\/pages\/414\/revisions\/1885"}],"wp:attachment":[{"href":"https:\/\/xn--rotrosagrn-ieb.de\/index.php?rest_route=%2Fwp%2Fv2%2Fmedia&parent=414"}],"curies":[{"name":"wp","href":"https:\/\/api.w.org\/{rel}","templated":true}]}}